{"id":959,"date":"2025-03-18T12:15:02","date_gmt":"2025-03-18T11:15:02","guid":{"rendered":"https:\/\/aujardinboheme.fr\/?page_id=959"},"modified":"2025-04-30T14:31:55","modified_gmt":"2025-04-30T12:31:55","slug":"les-fleurs-fraiches","status":"publish","type":"page","link":"https:\/\/aujardinboheme.fr\/index.php\/les-fleurs-fraiches\/","title":{"rendered":"Les fleurs fraiches"},"content":{"rendered":"\t\t<div data-elementor-type=\"wp-page\" data-elementor-id=\"959\" class=\"elementor elementor-959\">\n\t\t\t\t<div class=\"elementor-element elementor-element-0dabbde e-flex e-con-boxed wpr-particle-no wpr-jarallax-no wpr-parallax-no wpr-sticky-section-no wpr-equal-height-no e-con e-parent\" data-id=\"0dabbde\" data-element_type=\"container\" data-e-type=\"container\">\n\t\t\t\t\t<div class=\"e-con-inner\">\n\t\t\t\t\t<\/div>\n\t\t\t\t<\/div>\n\t\t<div class=\"elementor-element elementor-element-5c19201 e-flex e-con-boxed wpr-particle-no wpr-jarallax-no wpr-parallax-no wpr-sticky-section-no wpr-equal-height-no e-con e-parent\" data-id=\"5c19201\" data-element_type=\"container\" data-e-type=\"container\">\n\t\t\t\t\t<div class=\"e-con-inner\">\n\t\t<div class=\"elementor-element elementor-element-41418b7 e-con-full e-flex wpr-particle-no wpr-jarallax-no wpr-parallax-no wpr-sticky-section-no wpr-equal-height-no e-con e-child\" data-id=\"41418b7\" data-element_type=\"container\" data-e-type=\"container\">\n\t\t\t\t<div class=\"elementor-element elementor-element-c511b40 elementor-widget elementor-widget-text-editor\" data-id=\"c511b40\" data-element_type=\"widget\" data-e-type=\"widget\" data-widget_type=\"text-editor.default\">\n\t\t\t\t<div class=\"elementor-widget-container\">\n\t\t\t\t\t\t\t\t\t<p><span style=\"text-decoration: underline;\"><strong>Ce qu\u2019on y trouve d&rsquo;Avril\/Mai \u00e0 Octobre, selon les caprices de la m\u00e9t\u00e9o :<\/strong><\/span><\/p>\n<p>&#8211; des annuelles, bisannuelles : elles demandent beaucoup de travail chaque ann\u00e9e. Commander chaque vari\u00e9t\u00e9, pr\u00e9parer les plaques alv\u00e9ol\u00e9es pour semer graine par graine pour ensuite les replanter en pleine terre, en ayant pris le temps de pr\u00e9parer le sol bien \u00e9videment (amender, a\u00e9rer le sol, d\u00e9sherber&#8230;.)&nbsp;&nbsp;<\/p>\n<p>&#8211;&nbsp; des vivaces qui restent en place plusieurs ann\u00e9es. Comme les delphiniums, \u0153illets de po\u00e8te, pivoines, camomille, scabieuse, muflier, grande marguerite\u2026. (\u00e0 compl\u00e9ter)<\/p>\n<p>commande sur : aujardinboheme@gmail.com<\/p>\t\t\t\t\t\t\t\t<\/div>\n\t\t\t\t<\/div>\n\t\t\t\t<div class=\"elementor-element elementor-element-314e203 elementor-widget elementor-widget-image\" data-id=\"314e203\" data-element_type=\"widget\" data-e-type=\"widget\" data-widget_type=\"image.default\">\n\t\t\t\t<div class=\"elementor-widget-container\">\n\t\t\t\t\t\t\t\t\t\t\t\t\t\t\t<img fetchpriority=\"high\" decoding=\"async\" width=\"225\" height=\"300\" src=\"https:\/\/aujardinboheme.fr\/wp-content\/uploads\/2025\/03\/20231003_114541-Copie-225x300.jpg\" class=\"attachment-medium size-medium wp-image-42\" alt=\"\" srcset=\"https:\/\/aujardinboheme.fr\/wp-content\/uploads\/2025\/03\/20231003_114541-Copie-225x300.jpg 225w, https:\/\/aujardinboheme.fr\/wp-content\/uploads\/2025\/03\/20231003_114541-Copie-768x1024.jpg 768w, https:\/\/aujardinboheme.fr\/wp-content\/uploads\/2025\/03\/20231003_114541-Copie-1152x1536.jpg 1152w, https:\/\/aujardinboheme.fr\/wp-content\/uploads\/2025\/03\/20231003_114541-Copie-1536x2048.jpg 1536w, https:\/\/aujardinboheme.fr\/wp-content\/uploads\/2025\/03\/20231003_114541-Copie-scaled.jpg 1920w\" sizes=\"(max-width: 225px) 100vw, 225px\" \/>\t\t\t\t\t\t\t\t\t\t\t\t\t\t\t<\/div>\n\t\t\t\t<\/div>\n\t\t\t\t<\/div>\n\t\t<div class=\"elementor-element elementor-element-651a285 e-con-full e-flex wpr-particle-no wpr-jarallax-no wpr-parallax-no wpr-sticky-section-no wpr-equal-height-no e-con e-child\" data-id=\"651a285\" data-element_type=\"container\" data-e-type=\"container\">\n\t\t\t\t<\/div>\n\t\t<div class=\"elementor-element elementor-element-bbb2dc7 e-con-full e-flex wpr-particle-no wpr-jarallax-no wpr-parallax-no wpr-sticky-section-no wpr-equal-height-no e-con e-child\" data-id=\"bbb2dc7\" data-element_type=\"container\" data-e-type=\"container\">\n\t\t\t\t<div class=\"elementor-element elementor-element-01e5a7f elementor-widget elementor-widget-image\" data-id=\"01e5a7f\" data-element_type=\"widget\" data-e-type=\"widget\" data-widget_type=\"image.default\">\n\t\t\t\t<div class=\"elementor-widget-container\">\n\t\t\t\t\t\t\t\t\t\t\t\t\t\t\t<img decoding=\"async\" width=\"768\" height=\"1024\" src=\"https:\/\/aujardinboheme.fr\/wp-content\/uploads\/2025\/03\/20231008_115729-768x1024.jpg\" class=\"attachment-large size-large wp-image-1105\" alt=\"\" srcset=\"https:\/\/aujardinboheme.fr\/wp-content\/uploads\/2025\/03\/20231008_115729-768x1024.jpg 768w, https:\/\/aujardinboheme.fr\/wp-content\/uploads\/2025\/03\/20231008_115729-225x300.jpg 225w, https:\/\/aujardinboheme.fr\/wp-content\/uploads\/2025\/03\/20231008_115729-1152x1536.jpg 1152w, https:\/\/aujardinboheme.fr\/wp-content\/uploads\/2025\/03\/20231008_115729-1536x2048.jpg 1536w, https:\/\/aujardinboheme.fr\/wp-content\/uploads\/2025\/03\/20231008_115729-1140x1520.jpg 1140w, https:\/\/aujardinboheme.fr\/wp-content\/uploads\/2025\/03\/20231008_115729-scaled.jpg 1920w\" sizes=\"(max-width: 768px) 100vw, 768px\" \/>\t\t\t\t\t\t\t\t\t\t\t\t\t\t\t<\/div>\n\t\t\t\t<\/div>\n\t\t\t\t<\/div>\n\t\t<div class=\"elementor-element elementor-element-6ecde82 e-con-full e-flex wpr-particle-no wpr-jarallax-no wpr-parallax-no wpr-sticky-section-no wpr-equal-height-no e-con e-child\" data-id=\"6ecde82\" data-element_type=\"container\" data-e-type=\"container\">\n\t\t\t\t<div class=\"elementor-element elementor-element-50ee933 elementor-widget elementor-widget-text-editor\" data-id=\"50ee933\" data-element_type=\"widget\" data-e-type=\"widget\" data-widget_type=\"text-editor.default\">\n\t\t\t\t<div class=\"elementor-widget-container\">\n\t\t\t\t\t\t\t\t\t<p><span style=\"text-decoration: underline;\"><strong>L\u2019entretien des bouquets :<\/strong><\/span><\/p><p>Vous souhaitez garder plus longtemps vos bouquets ??\u00a0 \u00a0c\u2019est par ici :<\/p><p><br \/>&#8211; Mettre de l\u2019eau fraiche dans votre vase<br \/>&#8211; Enlever les feuilles au bas de la tige\u00a0<br \/>&#8211; Retailler la tige en biseau<br \/>&#8211; Ne pas mettre le bouquet en plein soleil ni devant une source de chaleur<br \/>&#8211; Retirer les fleurs qui fanent au fur et \u00e0 mesure<br \/>&#8211; Changer l\u2019eau tous les 2\/3 jours et recouper quelques millim\u00e8tres<\/p>\t\t\t\t\t\t\t\t<\/div>\n\t\t\t\t<\/div>\n\t\t\t\t<\/div>\n\t\t\t\t\t<\/div>\n\t\t\t\t<\/div>\n\t\t<div class=\"elementor-element elementor-element-7e51b00 e-flex e-con-boxed wpr-particle-no wpr-jarallax-no wpr-parallax-no wpr-sticky-section-no wpr-equal-height-no e-con e-parent\" data-id=\"7e51b00\" data-element_type=\"container\" data-e-type=\"container\">\n\t\t\t\t\t<div class=\"e-con-inner\">\n\t\t\t\t<div class=\"elementor-element elementor-element-4c8abc5 elementor-widget elementor-widget-image\" data-id=\"4c8abc5\" data-element_type=\"widget\" data-e-type=\"widget\" data-widget_type=\"image.default\">\n\t\t\t\t<div class=\"elementor-widget-container\">\n\t\t\t\t\t\t\t\t\t\t\t\t\t\t\t<img decoding=\"async\" width=\"768\" height=\"1024\" src=\"https:\/\/aujardinboheme.fr\/wp-content\/uploads\/2025\/03\/20230608_210549-768x1024.jpg\" class=\"attachment-large size-large wp-image-1116\" alt=\"\" srcset=\"https:\/\/aujardinboheme.fr\/wp-content\/uploads\/2025\/03\/20230608_210549-768x1024.jpg 768w, https:\/\/aujardinboheme.fr\/wp-content\/uploads\/2025\/03\/20230608_210549-225x300.jpg 225w, https:\/\/aujardinboheme.fr\/wp-content\/uploads\/2025\/03\/20230608_210549-1152x1536.jpg 1152w, https:\/\/aujardinboheme.fr\/wp-content\/uploads\/2025\/03\/20230608_210549-1536x2048.jpg 1536w, https:\/\/aujardinboheme.fr\/wp-content\/uploads\/2025\/03\/20230608_210549-1140x1520.jpg 1140w, https:\/\/aujardinboheme.fr\/wp-content\/uploads\/2025\/03\/20230608_210549-scaled.jpg 1920w\" sizes=\"(max-width: 768px) 100vw, 768px\" \/>\t\t\t\t\t\t\t\t\t\t\t\t\t\t\t<\/div>\n\t\t\t\t<\/div>\n\t\t\t\t\t<\/div>\n\t\t\t\t<\/div>\n\t\t<div class=\"elementor-element elementor-element-1bacce1 e-grid e-con-boxed wpr-particle-no wpr-jarallax-no wpr-parallax-no wpr-sticky-section-no wpr-equal-height-no e-con e-parent\" data-id=\"1bacce1\" data-element_type=\"container\" data-e-type=\"container\">\n\t\t\t\t\t<div class=\"e-con-inner\">\n\t\t\t\t<div class=\"elementor-element elementor-element-5deed6b elementor-widget elementor-widget-image\" data-id=\"5deed6b\" data-element_type=\"widget\" data-e-type=\"widget\" data-widget_type=\"image.default\">\n\t\t\t\t<div class=\"elementor-widget-container\">\n\t\t\t\t\t\t\t\t\t\t\t\t\t\t\t<img loading=\"lazy\" decoding=\"async\" width=\"960\" height=\"640\" src=\"https:\/\/aujardinboheme.fr\/wp-content\/uploads\/2025\/04\/DSC_0439-1024x683.jpg\" class=\"attachment-large size-large wp-image-1223\" alt=\"\" srcset=\"https:\/\/aujardinboheme.fr\/wp-content\/uploads\/2025\/04\/DSC_0439-1024x683.jpg 1024w, https:\/\/aujardinboheme.fr\/wp-content\/uploads\/2025\/04\/DSC_0439-300x200.jpg 300w, https:\/\/aujardinboheme.fr\/wp-content\/uploads\/2025\/04\/DSC_0439-768x512.jpg 768w, https:\/\/aujardinboheme.fr\/wp-content\/uploads\/2025\/04\/DSC_0439-1536x1024.jpg 1536w, https:\/\/aujardinboheme.fr\/wp-content\/uploads\/2025\/04\/DSC_0439-2048x1365.jpg 2048w, https:\/\/aujardinboheme.fr\/wp-content\/uploads\/2025\/04\/DSC_0439-1140x760.jpg 1140w\" sizes=\"(max-width: 960px) 100vw, 960px\" \/>\t\t\t\t\t\t\t\t\t\t\t\t\t\t\t<\/div>\n\t\t\t\t<\/div>\n\t\t\t\t<div class=\"elementor-element elementor-element-c367735 elementor-widget elementor-widget-image\" data-id=\"c367735\" data-element_type=\"widget\" data-e-type=\"widget\" data-widget_type=\"image.default\">\n\t\t\t\t<div class=\"elementor-widget-container\">\n\t\t\t\t\t\t\t\t\t\t\t\t\t\t\t<img loading=\"lazy\" decoding=\"async\" width=\"768\" height=\"1024\" src=\"https:\/\/aujardinboheme.fr\/wp-content\/uploads\/2025\/04\/20220711_120204-768x1024.jpg\" class=\"attachment-large size-large wp-image-1224\" alt=\"\" srcset=\"https:\/\/aujardinboheme.fr\/wp-content\/uploads\/2025\/04\/20220711_120204-768x1024.jpg 768w, https:\/\/aujardinboheme.fr\/wp-content\/uploads\/2025\/04\/20220711_120204-225x300.jpg 225w, https:\/\/aujardinboheme.fr\/wp-content\/uploads\/2025\/04\/20220711_120204-1152x1536.jpg 1152w, https:\/\/aujardinboheme.fr\/wp-content\/uploads\/2025\/04\/20220711_120204-1536x2048.jpg 1536w, https:\/\/aujardinboheme.fr\/wp-content\/uploads\/2025\/04\/20220711_120204-1140x1520.jpg 1140w, https:\/\/aujardinboheme.fr\/wp-content\/uploads\/2025\/04\/20220711_120204-scaled.jpg 1920w\" sizes=\"(max-width: 768px) 100vw, 768px\" \/>\t\t\t\t\t\t\t\t\t\t\t\t\t\t\t<\/div>\n\t\t\t\t<\/div>\n\t\t\t\t<div class=\"elementor-element elementor-element-f06b868 elementor-widget elementor-widget-image\" data-id=\"f06b868\" data-element_type=\"widget\" data-e-type=\"widget\" data-widget_type=\"image.default\">\n\t\t\t\t<div class=\"elementor-widget-container\">\n\t\t\t\t\t\t\t\t\t\t\t\t\t\t\t<img loading=\"lazy\" decoding=\"async\" width=\"960\" height=\"640\" src=\"https:\/\/aujardinboheme.fr\/wp-content\/uploads\/2025\/04\/DSC_0436-1024x683.jpg\" class=\"attachment-large size-large wp-image-1225\" alt=\"\" srcset=\"https:\/\/aujardinboheme.fr\/wp-content\/uploads\/2025\/04\/DSC_0436-1024x683.jpg 1024w, https:\/\/aujardinboheme.fr\/wp-content\/uploads\/2025\/04\/DSC_0436-300x200.jpg 300w, https:\/\/aujardinboheme.fr\/wp-content\/uploads\/2025\/04\/DSC_0436-768x512.jpg 768w, https:\/\/aujardinboheme.fr\/wp-content\/uploads\/2025\/04\/DSC_0436-1536x1024.jpg 1536w, https:\/\/aujardinboheme.fr\/wp-content\/uploads\/2025\/04\/DSC_0436-2048x1365.jpg 2048w, https:\/\/aujardinboheme.fr\/wp-content\/uploads\/2025\/04\/DSC_0436-1140x760.jpg 1140w\" sizes=\"(max-width: 960px) 100vw, 960px\" \/>\t\t\t\t\t\t\t\t\t\t\t\t\t\t\t<\/div>\n\t\t\t\t<\/div>\n\t\t\t\t<div class=\"elementor-element elementor-element-20972d7 elementor-widget elementor-widget-image\" data-id=\"20972d7\" data-element_type=\"widget\" data-e-type=\"widget\" data-widget_type=\"image.default\">\n\t\t\t\t<div class=\"elementor-widget-container\">\n\t\t\t\t\t\t\t\t\t\t\t\t\t\t\t<img loading=\"lazy\" decoding=\"async\" width=\"960\" height=\"640\" src=\"https:\/\/aujardinboheme.fr\/wp-content\/uploads\/2025\/04\/DSC_0442-1024x683.jpg\" class=\"attachment-large size-large wp-image-1226\" alt=\"\" srcset=\"https:\/\/aujardinboheme.fr\/wp-content\/uploads\/2025\/04\/DSC_0442-1024x683.jpg 1024w, https:\/\/aujardinboheme.fr\/wp-content\/uploads\/2025\/04\/DSC_0442-300x200.jpg 300w, https:\/\/aujardinboheme.fr\/wp-content\/uploads\/2025\/04\/DSC_0442-768x512.jpg 768w, https:\/\/aujardinboheme.fr\/wp-content\/uploads\/2025\/04\/DSC_0442-1536x1024.jpg 1536w, https:\/\/aujardinboheme.fr\/wp-content\/uploads\/2025\/04\/DSC_0442-2048x1365.jpg 2048w, https:\/\/aujardinboheme.fr\/wp-content\/uploads\/2025\/04\/DSC_0442-1140x760.jpg 1140w\" sizes=\"(max-width: 960px) 100vw, 960px\" \/>\t\t\t\t\t\t\t\t\t\t\t\t\t\t\t<\/div>\n\t\t\t\t<\/div>\n\t\t\t\t\t<\/div>\n\t\t\t\t<\/div>\n\t\t\t\t<\/div>\n\t\t","protected":false},"excerpt":{"rendered":"<p>Ce qu\u2019on y trouve d&rsquo;Avril\/Mai \u00e0 Octobre, selon les caprices de la m\u00e9t\u00e9o : &#8211; des annuelles, bisannuelles : elles demandent beaucoup de travail chaque ann\u00e9e. Commander chaque vari\u00e9t\u00e9, pr\u00e9parer les plaques alv\u00e9ol\u00e9es pour semer graine par graine pour ensuite les replanter en pleine terre, en ayant pris le temps de pr\u00e9parer le sol bien \u00e9videment (amender, a\u00e9rer le sol, d\u00e9sherber&#8230;.)&nbsp;&nbsp; &#8211;&nbsp; des vivaces qui restent en place plusieurs ann\u00e9es. Comme les delphiniums, \u0153illets de po\u00e8te, pivoines, camomille, scabieuse, muflier, grande marguerite\u2026. (\u00e0 compl\u00e9ter) commande sur : aujardinboheme@gmail.com L\u2019entretien des bouquets : Vous souhaitez garder plus longtemps vos bouquets ??\u00a0 \u00a0c\u2019est par ici : &#8211; Mettre de l\u2019eau fraiche dans votre vase&#8211; Enlever les feuilles au bas de la tige\u00a0&#8211; Retailler la tige en biseau&#8211; Ne pas mettre le bouquet en plein soleil ni devant une source de chaleur&#8211; Retirer les fleurs qui fanent au fur et \u00e0 mesure&#8211; Changer l\u2019eau tous les 2\/3 jours et recouper quelques millim\u00e8tres<\/p>\n","protected":false},"author":1,"featured_media":0,"parent":0,"menu_order":0,"comment_status":"closed","ping_status":"closed","template":"","meta":{"footnotes":""},"class_list":["post-959","page","type-page","status-publish","hentry"],"_links":{"self":[{"href":"https:\/\/aujardinboheme.fr\/index.php\/wp-json\/wp\/v2\/pages\/959","targetHints":{"allow":["GET"]}}],"collection":[{"href":"https:\/\/aujardinboheme.fr\/index.php\/wp-json\/wp\/v2\/pages"}],"about":[{"href":"https:\/\/aujardinboheme.fr\/index.php\/wp-json\/wp\/v2\/types\/page"}],"author":[{"embeddable":true,"href":"https:\/\/aujardinboheme.fr\/index.php\/wp-json\/wp\/v2\/users\/1"}],"replies":[{"embeddable":true,"href":"https:\/\/aujardinboheme.fr\/index.php\/wp-json\/wp\/v2\/comments?post=959"}],"version-history":[{"count":19,"href":"https:\/\/aujardinboheme.fr\/index.php\/wp-json\/wp\/v2\/pages\/959\/revisions"}],"predecessor-version":[{"id":1272,"href":"https:\/\/aujardinboheme.fr\/index.php\/wp-json\/wp\/v2\/pages\/959\/revisions\/1272"}],"wp:attachment":[{"href":"https:\/\/aujardinboheme.fr\/index.php\/wp-json\/wp\/v2\/media?parent=959"}],"curies":[{"name":"wp","href":"https:\/\/api.w.org\/{rel}","templated":true}]}}